{"id":2354,"date":"2025-10-01T07:13:03","date_gmt":"2025-10-01T07:13:03","guid":{"rendered":"https:\/\/twind.io\/pt\/?page_id=2354"},"modified":"2025-12-02T07:54:09","modified_gmt":"2025-12-02T07:54:09","slug":"webinar-gestao-de-subcontratados-ineficiente-risco-para-a-seguranca-e-para-o-negocio","status":"publish","type":"page","link":"https:\/\/twind.io\/pt\/webinar-gestao-de-subcontratados-ineficiente-risco-para-a-seguranca-e-para-o-negocio\/","title":{"rendered":"Webinar Gest\u00e3o de Subcontratados Ineficiente: risco para a seguran\u00e7a e para o neg\u00f3cio"},"content":{"rendered":"<p><span style=\"\"><img decoding=\"async\" alt=\"Logo twind by ctaima\" data-id=\"1293\" width=\"177\" data-init-width=\"697\" height=\"53\" data-init-height=\"209\" title=\"Logo twind by ctaima\" src=\"https:\/\/twind.io\/pt\/wp-content\/uploads\/2025\/03\/logo-twind-by-ctaima.png\" data-width=\"177\" data-height=\"53\" style=\"aspect-ratio: auto 697 \/ 209;\" mt-d=\"-0.5313000000000017\" ml-d=\"0\" center-v-d=\"false\" loading=\"lazy\"><\/span><\/p>\n<p style=\"text-align: left;\">Webin\u00e1rio exclusivo<\/p>\n<p style=\"text-align: left;\"><span><span style=\"--tcb-applied-color: var$(--tcb-color-4) !important; color: var(--tcb-color-4) !important;\">Gest\u00e3o de Subcontratados Ineficiente:<\/span>risco para a seguran\u00e7a e para o neg\u00f3cio<\/span><\/p>\n<p style=\"text-align: left;\"><span style=\"font-weight: normal;\">\u200bGrava\u00e7\u00e3o dispon\u00edvel<\/span><\/p>\n<p>[tcb-script charset=&#8221;utf-8&#8243; type=&#8221;text\/javascript&#8221; src=&#8221;\/\/js-eu1.hsforms.net\/forms\/embed\/v2.js&#8221;][\/tcb-script][tcb-script]  hbspt.forms.create({    portalId: &#8220;146424663&#8221;,    formId: &#8220;b91f761a-0ace-4e74-a208-b207a7decb68&#8221;,    region: &#8220;eu1&#8221;  });[\/tcb-script]<\/p>\n<p><span style=\"font-size: 17px !important;\"> <strong>A gest\u00e3o de subcontratados representa um verdadeiro desafio para qualquer organiza\u00e7\u00e3o que pretenda garantir seguran\u00e7a, efici\u00eancia e conformidade legal.&nbsp;<\/strong>Sem um controlo eficaz, os riscos legais, operacionais e financeiros podem aumentar de forma significativa.<\/span><\/p>\n<p><span style=\"font-size: 17px !important;\">Neste webinar vai descobrir como a digitaliza\u00e7\u00e3o pode transformar a forma de gerir os subcontratados, ajudando a reduzir a carga administrativa, minimizar riscos e cumprir normas como a ISO 45001, a ISO 9001 e a legisla\u00e7\u00e3o nacional.<\/span><\/p>\n<p><span style=\"font-size: 17px !important;\">Al\u00e9m disso, vais conhecer boas pr\u00e1ticas e casos reais que demonstram como uma gest\u00e3o eficiente de subcontratados n\u00e3o s\u00f3 previne problemas, mas tamb\u00e9m se torna uma vantagem competitiva.<\/span><\/p>\n<p><span><strong><span style=\"--tcb-applied-color: var$(--tcb-color-4) !important; color: var(--tcb-color-4) !important;\">O que vai aprender?<\/span><\/strong><\/span><span style=\"--tcb-applied-color: var$(--tcb-color-4) !important; color: var(--tcb-color-4) !important;\"><span>&nbsp;<\/span><\/span><span><strong><img decoding=\"async\" role=\"img\" alt=\"\ud83d\udd39\" src=\"https:\/\/s.w.org\/images\/core\/emoji\/16.0.1\/svg\/1f539.svg\" loading=\"lazy\"> A face oculta de uma subcontrata\u00e7\u00e3o ineficiente<\/strong>Identificar\u00e1 os riscos reais que afetam a seguran\u00e7a, a reputa\u00e7\u00e3o e os custos, e aprender a reconhecer sinais de alerta antes que se tornem problemas.<strong><img decoding=\"async\" role=\"img\" alt=\"\ud83d\udd39\" src=\"https:\/\/s.w.org\/images\/core\/emoji\/16.0.1\/svg\/1f539.svg\" loading=\"lazy\"> Responsabilidade solid\u00e1ria e san\u00e7\u00f5es em Portugal<\/strong>Compreender\u00e1 o que exige a legisla\u00e7\u00e3o, como se aplicam as san\u00e7\u00f5es na pr\u00e1tica e que medidas adotar para proteger a sua organiza\u00e7\u00e3o de consequ\u00eancias legais e financeiras.<strong><img decoding=\"async\" role=\"img\" alt=\"\ud83d\udd39\" src=\"https:\/\/s.w.org\/images\/core\/emoji\/16.0.1\/svg\/1f539.svg\" loading=\"lazy\"> Para al\u00e9m da conformidade: como construir rela\u00e7\u00f5es seguras e eficientes com subcontratados<\/strong>Descobrir\u00e1 ferramentas f\u00e1ceis de aplicar e boas pr\u00e1ticas para melhorar a colabora\u00e7\u00e3o, reduzir fric\u00e7\u00f5es e aumentar a confian\u00e7a com os seus fornecedores.<strong><img decoding=\"async\" role=\"img\" alt=\"\ud83d\udd39\" src=\"https:\/\/s.w.org\/images\/core\/emoji\/16.0.1\/svg\/1f539.svg\" loading=\"lazy\"> A tecnologia como aliada estrat\u00e9gica<\/strong>Perceber\u00e1 como a digitaliza\u00e7\u00e3o e o Twind facilitam o controlo documental, a rastreabilidade e a efici\u00eancia operacional, transformando a gest\u00e3o de subcontratados numa vantagem competitiva.<\/span><\/p>\n<p><span><\/span><strong><span style=\"--tcb-applied-color: var$(--tcb-color-4) !important; color: var(--tcb-color-4) !important;\">Para quem \u00e9 este webinar?<\/span><\/strong><\/p>\n<ul>\n<li>Profissionais de SST e seguran\u00e7a industrial<\/li>\n<li>Engenheiros, t\u00e9cnicos e respons\u00e1veis de manuten\u00e7\u00e3o<\/li>\n<li>Profissionais de compliance e auditoria que necessitam de maior rastreabilidade documental.<\/li>\n<\/ul>\n<p><span style=\"color: var(--tcb-skin-color-0) !important;\"><a href=\"#lg-mfat9vc5\" style=\"outline: none;\">Gostaria de participar no webinar? Inscreva-se agora para ver a grava\u00e7\u00e3o<\/a><\/span><\/p>\n<p style=\"text-align: center;\"><span data-ccp-props=\"{&quot;201341983&quot;:0,&quot;335559739&quot;:160,&quot;335559740&quot;:259}\" style=\"\"><strong><strong><img decoding=\"async\" role=\"img\" alt=\"\ud83c\udfa4\" src=\"https:\/\/s.w.org\/images\/core\/emoji\/16.0.1\/svg\/1f3a4.svg\" loading=\"lazy\"> Oradores:<\/strong><\/strong><\/span><\/p>\n<p><span style=\"\"><img decoding=\"async\" alt=\"sofia\" data-id=\"1498\" width=\"141\" data-init-width=\"401\" height=\"154\" data-init-height=\"437\" title=\"sofia\" src=\"https:\/\/twind.io\/pt\/wp-content\/uploads\/2025\/03\/image-10-1.png\" data-width=\"141\" data-height=\"154\" style=\"aspect-ratio: auto 401 \/ 437;\" mt-d=\"0\" ml-d=\"0\" center-v-d=\"false\" mt-t=\"-7.391000000000005\" ml-t=\"0\" center-h-d=\"false\" mt-m=\"-1.1089999999999947\" ml-m=\"0\" loading=\"lazy\"><\/span><\/p>\n<p style=\"text-align: left;\"><span data-ccp-props=\"{&quot;201341983&quot;:0,&quot;335559739&quot;:160,&quot;335559740&quot;:259}\"><strong><span style=\"--tcb-applied-color: var$(--tcb-skin-color-0) !important; color: var(--tcb-skin-color-0) !important;\">Sofia Silva<\/span><\/strong><\/span><\/p>\n<p style=\"text-align: left;\"><span data-ccp-props=\"{&quot;201341983&quot;:0,&quot;335559739&quot;:160,&quot;335559740&quot;:259}\">Consultora EHS <\/span><\/p>\n<p style=\"text-align: left;\"><span data-ccp-props=\"{&quot;201341983&quot;:0,&quot;335559739&quot;:160,&quot;335559740&quot;:259}\"><strong>CTAIMA \/ e-coordina<\/strong><\/span><\/p>\n<p><span style=\"\"><img decoding=\"async\" alt=\"\" data-id=\"1643\" width=\"147\" data-init-width=\"487\" height=\"133\" data-init-height=\"441\" title=\"\" src=\"https:\/\/twind.io\/pt\/wp-content\/uploads\/2025\/03\/image-1.png\" data-width=\"147\" data-height=\"133\" style=\"aspect-ratio: auto 487 \/ 441;\" mt-d=\"0\" ml-d=\"-2.084000000000003\" center-v-d=\"false\" mt-t=\"-7.391000000000005\" ml-t=\"0\" center-h-d=\"false\" mt-m=\"0\" ml-m=\"-7.688000000000002\" loading=\"lazy\"><\/span><\/p>\n<p style=\"text-align: left;\"><span data-ccp-props=\"{&quot;201341983&quot;:0,&quot;335559739&quot;:160,&quot;335559740&quot;:259}\" style=\"\"><strong><span style=\"--tcb-applied-color: var$(--tcb-skin-color-0) !important; color: var(--tcb-skin-color-0) !important;\">Sandra Cunha<\/span><\/strong><\/span><\/p>\n<p style=\"text-align: left;\"><span data-ccp-props=\"{&quot;201341983&quot;:0,&quot;335559739&quot;:160,&quot;335559740&quot;:259}\" style=\"\"><span data-contrast=\"auto\" lang=\"PT-PT\">Account Executive&nbsp;<\/span><\/span><\/p>\n<p style=\"text-align: left;\"><span data-ccp-props=\"{&quot;201341983&quot;:0,&quot;335559739&quot;:160,&quot;335559740&quot;:259}\" style=\"\">CTAIMA \/ e-coordina<\/span><\/p>\n<h3 style=\"text-align: center;\"><\/h3>\n","protected":false},"excerpt":{"rendered":"<p>Webin\u00e1rio exclusivo Gest\u00e3o de Subcontratados Ineficiente:risco para a seguran\u00e7a e para o neg\u00f3cio \u200bGrava\u00e7\u00e3o dispon\u00edvel [tcb-script charset=&#8221;utf-8&#8243; type=&#8221;text\/javascript&#8221; src=&#8221;\/\/js-eu1.hsforms.net\/forms\/embed\/v2.js&#8221;][\/tcb-script][tcb-script] hbspt.forms.create({ portalId: &#8220;146424663&#8221;, formId: &#8220;b91f761a-0ace-4e74-a208-b207a7decb68&#8221;, region: &#8220;eu1&#8221; });[\/tcb-script] A gest\u00e3o de subcontratados representa um verdadeiro desafio para qualquer organiza\u00e7\u00e3o que pretenda garantir seguran\u00e7a, efici\u00eancia e conformidade legal.&nbsp;Sem um controlo eficaz, os riscos legais, operacionais e financeiros [&hellip;]<\/p>\n","protected":false},"author":3,"featured_media":0,"parent":0,"menu_order":0,"comment_status":"closed","ping_status":"closed","template":"","meta":{"content-type":"","footnotes":""},"class_list":["post-2354","page","type-page","status-publish","hentry","post-wrapper","thrv_wrapper"],"yoast_head":"<!-- This site is optimized with the Yoast SEO plugin v27.5 - https:\/\/yoast.com\/product\/yoast-seo-wordpress\/ -->\n<title>Webinar Gest\u00e3o de Subcontratados Ineficiente:risco para a seguran\u00e7a e para o neg\u00f3cio<\/title>\n<meta name=\"description\" content=\"Gest\u00e3o de Subcontratados Ineficiente:risco para a seguran\u00e7a e para o neg\u00f3cio\" \/>\n<meta name=\"robots\" content=\"noindex, nofollow\" \/>\n<meta property=\"og:locale\" content=\"pt_PT\" \/>\n<meta property=\"og:type\" content=\"article\" \/>\n<meta property=\"og:title\" content=\"Webinar Gest\u00e3o de Subcontratados Ineficiente:risco para a seguran\u00e7a e para o neg\u00f3cio\" \/>\n<meta property=\"og:description\" content=\"Gest\u00e3o de Subcontratados Ineficiente:risco para a seguran\u00e7a e para o neg\u00f3cio\" \/>\n<meta property=\"og:url\" content=\"https:\/\/twind.io\/pt\/webinar-gestao-de-subcontratados-ineficiente-risco-para-a-seguranca-e-para-o-negocio\/\" \/>\n<meta property=\"og:site_name\" content=\"Software Gest\u00e3o Documental de Fornecedores\" \/>\n<meta property=\"article:modified_time\" content=\"2025-12-02T07:54:09+00:00\" \/>\n<meta property=\"og:image\" content=\"https:\/\/twind.io\/pt\/wp-content\/uploads\/2025\/03\/logo-twind-by-ctaima.png\" \/>\n<meta name=\"twitter:card\" content=\"summary_large_image\" \/>\n<meta name=\"twitter:label1\" content=\"Tempo estimado de leitura\" \/>\n\t<meta name=\"twitter:data1\" content=\"4 minutos\" \/>\n<script type=\"application\/ld+json\" class=\"yoast-schema-graph\">{\"@context\":\"https:\\\/\\\/schema.org\",\"@graph\":[{\"@type\":\"WebPage\",\"@id\":\"https:\\\/\\\/twind.io\\\/pt\\\/webinar-gestao-de-subcontratados-ineficiente-risco-para-a-seguranca-e-para-o-negocio\\\/\",\"url\":\"https:\\\/\\\/twind.io\\\/pt\\\/webinar-gestao-de-subcontratados-ineficiente-risco-para-a-seguranca-e-para-o-negocio\\\/\",\"name\":\"Webinar Gest\u00e3o de Subcontratados Ineficiente:risco para a seguran\u00e7a e para o neg\u00f3cio\",\"isPartOf\":{\"@id\":\"https:\\\/\\\/twind.io\\\/pt\\\/#website\"},\"primaryImageOfPage\":{\"@id\":\"https:\\\/\\\/twind.io\\\/pt\\\/webinar-gestao-de-subcontratados-ineficiente-risco-para-a-seguranca-e-para-o-negocio\\\/#primaryimage\"},\"image\":{\"@id\":\"https:\\\/\\\/twind.io\\\/pt\\\/webinar-gestao-de-subcontratados-ineficiente-risco-para-a-seguranca-e-para-o-negocio\\\/#primaryimage\"},\"thumbnailUrl\":\"https:\\\/\\\/twind.io\\\/pt\\\/wp-content\\\/uploads\\\/2025\\\/03\\\/logo-twind-by-ctaima.png\",\"datePublished\":\"2025-10-01T07:13:03+00:00\",\"dateModified\":\"2025-12-02T07:54:09+00:00\",\"description\":\"Gest\u00e3o de Subcontratados Ineficiente:risco para a seguran\u00e7a e para o neg\u00f3cio\",\"breadcrumb\":{\"@id\":\"https:\\\/\\\/twind.io\\\/pt\\\/webinar-gestao-de-subcontratados-ineficiente-risco-para-a-seguranca-e-para-o-negocio\\\/#breadcrumb\"},\"inLanguage\":\"pt-PT\",\"potentialAction\":[{\"@type\":\"ReadAction\",\"target\":[\"https:\\\/\\\/twind.io\\\/pt\\\/webinar-gestao-de-subcontratados-ineficiente-risco-para-a-seguranca-e-para-o-negocio\\\/\"]}]},{\"@type\":\"ImageObject\",\"inLanguage\":\"pt-PT\",\"@id\":\"https:\\\/\\\/twind.io\\\/pt\\\/webinar-gestao-de-subcontratados-ineficiente-risco-para-a-seguranca-e-para-o-negocio\\\/#primaryimage\",\"url\":\"https:\\\/\\\/twind.io\\\/pt\\\/wp-content\\\/uploads\\\/2025\\\/03\\\/logo-twind-by-ctaima.png\",\"contentUrl\":\"https:\\\/\\\/twind.io\\\/pt\\\/wp-content\\\/uploads\\\/2025\\\/03\\\/logo-twind-by-ctaima.png\",\"width\":697,\"height\":209,\"caption\":\"Twind\"},{\"@type\":\"BreadcrumbList\",\"@id\":\"https:\\\/\\\/twind.io\\\/pt\\\/webinar-gestao-de-subcontratados-ineficiente-risco-para-a-seguranca-e-para-o-negocio\\\/#breadcrumb\",\"itemListElement\":[{\"@type\":\"ListItem\",\"position\":1,\"name\":\"Portada\",\"item\":\"https:\\\/\\\/twind.io\\\/pt\\\/\"},{\"@type\":\"ListItem\",\"position\":2,\"name\":\"Webinar Gest\u00e3o de Subcontratados Ineficiente: risco para a seguran\u00e7a e para o neg\u00f3cio\"}]},{\"@type\":\"WebSite\",\"@id\":\"https:\\\/\\\/twind.io\\\/pt\\\/#website\",\"url\":\"https:\\\/\\\/twind.io\\\/pt\\\/\",\"name\":\"Software Gest\u00e3o Documental de Fornecedores\",\"description\":\"Software Gest\u00e3o Documental de Fornecedores e preven\u00e7\u00e3o da seguran\u00e7a e da sa\u00fade no trabalho\",\"potentialAction\":[{\"@type\":\"SearchAction\",\"target\":{\"@type\":\"EntryPoint\",\"urlTemplate\":\"https:\\\/\\\/twind.io\\\/pt\\\/?s={search_term_string}\"},\"query-input\":{\"@type\":\"PropertyValueSpecification\",\"valueRequired\":true,\"valueName\":\"search_term_string\"}}],\"inLanguage\":\"pt-PT\"}]}<\/script>\n<!-- \/ Yoast SEO plugin. -->","yoast_head_json":{"title":"Webinar Gest\u00e3o de Subcontratados Ineficiente:risco para a seguran\u00e7a e para o neg\u00f3cio","description":"Gest\u00e3o de Subcontratados Ineficiente:risco para a seguran\u00e7a e para o neg\u00f3cio","robots":{"index":"noindex","follow":"nofollow"},"og_locale":"pt_PT","og_type":"article","og_title":"Webinar Gest\u00e3o de Subcontratados Ineficiente:risco para a seguran\u00e7a e para o neg\u00f3cio","og_description":"Gest\u00e3o de Subcontratados Ineficiente:risco para a seguran\u00e7a e para o neg\u00f3cio","og_url":"https:\/\/twind.io\/pt\/webinar-gestao-de-subcontratados-ineficiente-risco-para-a-seguranca-e-para-o-negocio\/","og_site_name":"Software Gest\u00e3o Documental de Fornecedores","article_modified_time":"2025-12-02T07:54:09+00:00","og_image":[{"url":"https:\/\/twind.io\/pt\/wp-content\/uploads\/2025\/03\/logo-twind-by-ctaima.png","type":"","width":"","height":""}],"twitter_card":"summary_large_image","twitter_misc":{"Tempo estimado de leitura":"4 minutos"},"schema":{"@context":"https:\/\/schema.org","@graph":[{"@type":"WebPage","@id":"https:\/\/twind.io\/pt\/webinar-gestao-de-subcontratados-ineficiente-risco-para-a-seguranca-e-para-o-negocio\/","url":"https:\/\/twind.io\/pt\/webinar-gestao-de-subcontratados-ineficiente-risco-para-a-seguranca-e-para-o-negocio\/","name":"Webinar Gest\u00e3o de Subcontratados Ineficiente:risco para a seguran\u00e7a e para o neg\u00f3cio","isPartOf":{"@id":"https:\/\/twind.io\/pt\/#website"},"primaryImageOfPage":{"@id":"https:\/\/twind.io\/pt\/webinar-gestao-de-subcontratados-ineficiente-risco-para-a-seguranca-e-para-o-negocio\/#primaryimage"},"image":{"@id":"https:\/\/twind.io\/pt\/webinar-gestao-de-subcontratados-ineficiente-risco-para-a-seguranca-e-para-o-negocio\/#primaryimage"},"thumbnailUrl":"https:\/\/twind.io\/pt\/wp-content\/uploads\/2025\/03\/logo-twind-by-ctaima.png","datePublished":"2025-10-01T07:13:03+00:00","dateModified":"2025-12-02T07:54:09+00:00","description":"Gest\u00e3o de Subcontratados Ineficiente:risco para a seguran\u00e7a e para o neg\u00f3cio","breadcrumb":{"@id":"https:\/\/twind.io\/pt\/webinar-gestao-de-subcontratados-ineficiente-risco-para-a-seguranca-e-para-o-negocio\/#breadcrumb"},"inLanguage":"pt-PT","potentialAction":[{"@type":"ReadAction","target":["https:\/\/twind.io\/pt\/webinar-gestao-de-subcontratados-ineficiente-risco-para-a-seguranca-e-para-o-negocio\/"]}]},{"@type":"ImageObject","inLanguage":"pt-PT","@id":"https:\/\/twind.io\/pt\/webinar-gestao-de-subcontratados-ineficiente-risco-para-a-seguranca-e-para-o-negocio\/#primaryimage","url":"https:\/\/twind.io\/pt\/wp-content\/uploads\/2025\/03\/logo-twind-by-ctaima.png","contentUrl":"https:\/\/twind.io\/pt\/wp-content\/uploads\/2025\/03\/logo-twind-by-ctaima.png","width":697,"height":209,"caption":"Twind"},{"@type":"BreadcrumbList","@id":"https:\/\/twind.io\/pt\/webinar-gestao-de-subcontratados-ineficiente-risco-para-a-seguranca-e-para-o-negocio\/#breadcrumb","itemListElement":[{"@type":"ListItem","position":1,"name":"Portada","item":"https:\/\/twind.io\/pt\/"},{"@type":"ListItem","position":2,"name":"Webinar Gest\u00e3o de Subcontratados Ineficiente: risco para a seguran\u00e7a e para o neg\u00f3cio"}]},{"@type":"WebSite","@id":"https:\/\/twind.io\/pt\/#website","url":"https:\/\/twind.io\/pt\/","name":"Software Gest\u00e3o Documental de Fornecedores","description":"Software Gest\u00e3o Documental de Fornecedores e preven\u00e7\u00e3o da seguran\u00e7a e da sa\u00fade no trabalho","potentialAction":[{"@type":"SearchAction","target":{"@type":"EntryPoint","urlTemplate":"https:\/\/twind.io\/pt\/?s={search_term_string}"},"query-input":{"@type":"PropertyValueSpecification","valueRequired":true,"valueName":"search_term_string"}}],"inLanguage":"pt-PT"}]}},"_links":{"self":[{"href":"https:\/\/twind.io\/pt\/wp-json\/wp\/v2\/pages\/2354","targetHints":{"allow":["GET"]}}],"collection":[{"href":"https:\/\/twind.io\/pt\/wp-json\/wp\/v2\/pages"}],"about":[{"href":"https:\/\/twind.io\/pt\/wp-json\/wp\/v2\/types\/page"}],"author":[{"embeddable":true,"href":"https:\/\/twind.io\/pt\/wp-json\/wp\/v2\/users\/3"}],"replies":[{"embeddable":true,"href":"https:\/\/twind.io\/pt\/wp-json\/wp\/v2\/comments?post=2354"}],"version-history":[{"count":9,"href":"https:\/\/twind.io\/pt\/wp-json\/wp\/v2\/pages\/2354\/revisions"}],"predecessor-version":[{"id":2627,"href":"https:\/\/twind.io\/pt\/wp-json\/wp\/v2\/pages\/2354\/revisions\/2627"}],"wp:attachment":[{"href":"https:\/\/twind.io\/pt\/wp-json\/wp\/v2\/media?parent=2354"}],"curies":[{"name":"wp","href":"https:\/\/api.w.org\/{rel}","templated":true}]}}